{"id":700,"date":"2024-08-15T10:07:01","date_gmt":"2024-08-15T10:07:01","guid":{"rendered":"http:\/\/SWKWVFFScJ"},"modified":"2026-04-28T11:09:32","modified_gmt":"2026-04-28T09:09:32","slug":"veranstaltungen","status":"publish","type":"page","link":"https:\/\/www.holzblaeser.com\/berlin\/veranstaltungen\/","title":{"rendered":"MAI-AKTIONEN"},"content":{"rendered":"<h2 style=\"text-align: center;\">Hier findest du alle Infos zu unseren Mai-Aktionen\u00a0<\/h2>\r\n<p style=\"text-align: center;\">Der Mai wird etwas ganz Besonderes: Wir feiern unsere Freude an der Musik mit vielen Aktionen f\u00fcr euch. Freut euch auf kostenlose Konzerte, Workshops, Durchsichten f\u00fcr eure Instrumente und exklusive Rabatte. Jede Woche gibt es ein anderes Motto: Musizieren, Mundst\u00fccke, Bl\u00e4tter und Pflege.<\/p>\r\n\r\n<div class=\"em em-view-container\" id=\"em-view-504152524\" data-view=\"list-grouped\">\r\n\t<div class=\"em pixelbones em-list em-events-list em-events-list-grouped\" id=\"em-events-list-grouped-504152524\">\r\n\t<h2>Mai 2026<\/h2><div class=\"em-event em-item \" style=\"--default-border:#80b538;\">\r\n\t<div class=\"em-item-image \">\r\n\t\t\r\n\t\t<img src='https:\/\/www.holzblaeser.com\/berlin\/wp-content\/uploads\/2026\/04\/mai-minus20-rot.png' alt='Mai-Rabatte'\/>\r\n\t\t\r\n\t\t\r\n\t<\/div>\r\n\t<div class=\"em-item-info\">\r\n\t\t<h3 class=\"em-item-title\"><a href=\"https:\/\/www.holzblaeser.com\/berlin\/veranstaltungen\/mai-rabatte\/\">Mai-Rabatte<\/a><\/h3>\r\n\t\t\r\n\t\t<div class=\"em-event-meta em-item-meta\">\r\n\t\t\t<div class=\"em-item-meta-line em-event-date em-event-meta-datetime\">\r\n\t\t\t\t<span class=\"em-icon-calendar em-icon\"><\/span>\r\n\t\t\t\t2 Mai, 2026 - 30 Mai, 2026\u00a0\u00a0\u00a0\u00a0\r\n\t\t\t<\/div>\r\n\t\t\t<div class=\"em-item-meta-line em-event-time em-event-meta-datetime\">\r\n\t\t\t\t<span class=\"em-icon-clock em-icon\"><\/span>\r\n\t\t\t\t00:00 - 23:59\r\n\t\t\t<\/div>\r\n\t\t\t\r\n\t\t\t\r\n\t\t\t\r\n\t\t\t\r\n\t\t\t\r\n\t\t<\/div>\r\n\t\t<div class=\"em-item-desc\">\r\n\t\t\tExklusive Rabatte. Bis zu -20%\r\n\t\t<\/div>\r\n\t\t<div class=\"em-item-actions input\">\r\n\t\t\t<a class=\"em-item-read-more button\" href=\"https:\/\/www.holzblaeser.com\/berlin\/veranstaltungen\/mai-rabatte\/\">Weitere Informationen<\/a>\r\n\t\t\t\r\n\t\t<\/div>\r\n\t<\/div>\r\n<\/div><div class=\"em-event em-item \" style=\"--default-border:#80b538;\">\r\n\t<div class=\"em-item-image \">\r\n\t\t\r\n\t\t<img src='https:\/\/www.holzblaeser.com\/berlin\/wp-content\/uploads\/2026\/04\/clarilearner2.png' alt='Klarinetten-Workshop f\u00fcr Newbies'\/>\r\n\t\t\r\n\t\t\r\n\t<\/div>\r\n\t<div class=\"em-item-info\">\r\n\t\t<h3 class=\"em-item-title\"><a href=\"https:\/\/www.holzblaeser.com\/berlin\/veranstaltungen\/klarinetten-workshop-fuer-newbies\/\">Klarinetten-Workshop f\u00fcr Newbies<\/a><\/h3>\r\n\t\t\r\n\t\t<div class=\"em-event-meta em-item-meta\">\r\n\t\t\t<div class=\"em-item-meta-line em-event-date em-event-meta-datetime\">\r\n\t\t\t\t<span class=\"em-icon-calendar em-icon\"><\/span>\r\n\t\t\t\t6 Mai, 2026\u00a0\u00a0\u00a0\u00a0\r\n\t\t\t<\/div>\r\n\t\t\t<div class=\"em-item-meta-line em-event-time em-event-meta-datetime\">\r\n\t\t\t\t<span class=\"em-icon-clock em-icon\"><\/span>\r\n\t\t\t\t11:00 - 12:30\r\n\t\t\t<\/div>\r\n\t\t\t\r\n\t\t\t\r\n\t\t\t\r\n\t\t\t\r\n\t\t\t\r\n\t\t<\/div>\r\n\t\t<div class=\"em-item-desc\">\r\n\t\t\tDieser Workshop ist kostenlos f\u00fcr alle, die gerade erst angefangen haben zu spielen oder einfach nur neugierig sind.\r\n\t\t<\/div>\r\n\t\t<div class=\"em-item-actions input\">\r\n\t\t\t<a class=\"em-item-read-more button\" href=\"https:\/\/www.holzblaeser.com\/berlin\/veranstaltungen\/klarinetten-workshop-fuer-newbies\/\">Weitere Informationen<\/a>\r\n\t\t\t\r\n\t\t<\/div>\r\n\t<\/div>\r\n<\/div><div class=\"em-event em-item \" style=\"--default-border:#80b538;\">\r\n\t<div class=\"em-item-image \">\r\n\t\t\r\n\t\t<img src='https:\/\/www.holzblaeser.com\/berlin\/wp-content\/uploads\/2026\/04\/sax-die-basics-1.png' alt='Saxophon-Workshop \u201eDie Basics\u201c'\/>\r\n\t\t\r\n\t\t\r\n\t<\/div>\r\n\t<div class=\"em-item-info\">\r\n\t\t<h3 class=\"em-item-title\"><a href=\"https:\/\/www.holzblaeser.com\/berlin\/veranstaltungen\/saxophon-workshop-basics-zum-spielen\/\">Saxophon-Workshop \u201eDie Basics\u201c<\/a><\/h3>\r\n\t\t\r\n\t\t<div class=\"em-event-meta em-item-meta\">\r\n\t\t\t<div class=\"em-item-meta-line em-event-date em-event-meta-datetime\">\r\n\t\t\t\t<span class=\"em-icon-calendar em-icon\"><\/span>\r\n\t\t\t\t6 Mai, 2026\u00a0\u00a0\u00a0\u00a0\r\n\t\t\t<\/div>\r\n\t\t\t<div class=\"em-item-meta-line em-event-time em-event-meta-datetime\">\r\n\t\t\t\t<span class=\"em-icon-clock em-icon\"><\/span>\r\n\t\t\t\t16:00 - 18:00\r\n\t\t\t<\/div>\r\n\t\t\t\r\n\t\t\t\r\n\t\t\t\r\n\t\t\t\r\n\t\t\t\r\n\t\t<\/div>\r\n\t\t<div class=\"em-item-desc\">\r\n\t\t\tBringt eure Fragen und eure Instrumente mit und freut euch auf zwei lehrreiche Stunden.\u00a0\r\n\t\t<\/div>\r\n\t\t<div class=\"em-item-actions input\">\r\n\t\t\t<a class=\"em-item-read-more button\" href=\"https:\/\/www.holzblaeser.com\/berlin\/veranstaltungen\/saxophon-workshop-basics-zum-spielen\/\">Weitere Informationen<\/a>\r\n\t\t\t\r\n\t\t<\/div>\r\n\t<\/div>\r\n<\/div><div class=\"em-event em-item \" style=\"--default-border:#80b538;\">\r\n\t<div class=\"em-item-image \">\r\n\t\t\r\n\t\t<img src='https:\/\/www.holzblaeser.com\/berlin\/wp-content\/uploads\/2026\/04\/holly.png' alt='Impro-Workshop'\/>\r\n\t\t\r\n\t\t\r\n\t<\/div>\r\n\t<div class=\"em-item-info\">\r\n\t\t<h3 class=\"em-item-title\"><a href=\"https:\/\/www.holzblaeser.com\/berlin\/veranstaltungen\/impro-workshop\/\">Impro-Workshop<\/a><\/h3>\r\n\t\t\r\n\t\t<div class=\"em-event-meta em-item-meta\">\r\n\t\t\t<div class=\"em-item-meta-line em-event-date em-event-meta-datetime\">\r\n\t\t\t\t<span class=\"em-icon-calendar em-icon\"><\/span>\r\n\t\t\t\t9 Mai, 2026\u00a0\u00a0\u00a0\u00a0\r\n\t\t\t<\/div>\r\n\t\t\t<div class=\"em-item-meta-line em-event-time em-event-meta-datetime\">\r\n\t\t\t\t<span class=\"em-icon-clock em-icon\"><\/span>\r\n\t\t\t\t15:30 - 18:30\r\n\t\t\t<\/div>\r\n\t\t\t\r\n\t\t\t\r\n\t\t\t\r\n\t\t\t\r\n\t\t\t\r\n\t\t<\/div>\r\n\t\t<div class=\"em-item-desc\">\r\n\t\t\tLasst euch von Hollys Leidenschaft f\u00fcr Musik und dem Motto good vibrations anstecken.\r\n\t\t<\/div>\r\n\t\t<div class=\"em-item-actions input\">\r\n\t\t\t<a class=\"em-item-read-more button\" href=\"https:\/\/www.holzblaeser.com\/berlin\/veranstaltungen\/impro-workshop\/\">Weitere Informationen<\/a>\r\n\t\t\t\r\n\t\t<\/div>\r\n\t<\/div>\r\n<\/div><div class=\"em-event em-item \" style=\"--default-border:#80b538;\">\r\n\t<div class=\"em-item-image \">\r\n\t\t\r\n\t\t<img src='https:\/\/www.holzblaeser.com\/berlin\/wp-content\/uploads\/2026\/04\/holly-live-1.png' alt='Volker Holly Schlott: Live'\/>\r\n\t\t\r\n\t\t\r\n\t<\/div>\r\n\t<div class=\"em-item-info\">\r\n\t\t<h3 class=\"em-item-title\"><a href=\"https:\/\/www.holzblaeser.com\/berlin\/veranstaltungen\/volker-holly-schlott-live\/\">Volker Holly Schlott: Live<\/a><\/h3>\r\n\t\t\r\n\t\t<div class=\"em-event-meta em-item-meta\">\r\n\t\t\t<div class=\"em-item-meta-line em-event-date em-event-meta-datetime\">\r\n\t\t\t\t<span class=\"em-icon-calendar em-icon\"><\/span>\r\n\t\t\t\t9 Mai, 2026\u00a0\u00a0\u00a0\u00a0\r\n\t\t\t<\/div>\r\n\t\t\t<div class=\"em-item-meta-line em-event-time em-event-meta-datetime\">\r\n\t\t\t\t<span class=\"em-icon-clock em-icon\"><\/span>\r\n\t\t\t\t20:00 - 22:30\r\n\t\t\t<\/div>\r\n\t\t\t\r\n\t\t\t\r\n\t\t\t\r\n\t\t\t\r\n\t\t\t\r\n\t\t<\/div>\r\n\t\t<div class=\"em-item-desc\">\r\n\t\t\tLasst euch von Hollys Leidenschaft f\u00fcr Musik und dem Motto good vibrations anstecken.\r\n\t\t<\/div>\r\n\t\t<div class=\"em-item-actions input\">\r\n\t\t\t<a class=\"em-item-read-more button\" href=\"https:\/\/www.holzblaeser.com\/berlin\/veranstaltungen\/volker-holly-schlott-live\/\">Weitere Informationen<\/a>\r\n\t\t\t\r\n\t\t<\/div>\r\n\t<\/div>\r\n<\/div><div class=\"em-event em-item \" style=\"--default-border:#80b538;\">\r\n\t<div class=\"em-item-image \">\r\n\t\t\r\n\t\t<img src='https:\/\/www.holzblaeser.com\/berlin\/wp-content\/uploads\/2026\/04\/klari-mundstuecke-1.png' alt='Klarinetten-Mundst\u00fcck-Workshop'\/>\r\n\t\t\r\n\t\t\r\n\t<\/div>\r\n\t<div class=\"em-item-info\">\r\n\t\t<h3 class=\"em-item-title\"><a href=\"https:\/\/www.holzblaeser.com\/berlin\/veranstaltungen\/klarinetten-mundstueck-workshop\/\">Klarinetten-Mundst\u00fcck-Workshop<\/a><\/h3>\r\n\t\t\r\n\t\t<div class=\"em-event-meta em-item-meta\">\r\n\t\t\t<div class=\"em-item-meta-line em-event-date em-event-meta-datetime\">\r\n\t\t\t\t<span class=\"em-icon-calendar em-icon\"><\/span>\r\n\t\t\t\t13 Mai, 2026\u00a0\u00a0\u00a0\u00a0\r\n\t\t\t<\/div>\r\n\t\t\t<div class=\"em-item-meta-line em-event-time em-event-meta-datetime\">\r\n\t\t\t\t<span class=\"em-icon-clock em-icon\"><\/span>\r\n\t\t\t\t11:00 - 12:30\r\n\t\t\t<\/div>\r\n\t\t\t\r\n\t\t\t\r\n\t\t\t\r\n\t\t\t\r\n\t\t\t\r\n\t\t<\/div>\r\n\t\t<div class=\"em-item-desc\">\r\n\t\t\tUnsere Experte geben euch einen \u00dcberblick und beantworten alle wichtigen Fragen zu Klarinetten-Mundst\u00fccken.\r\n\t\t<\/div>\r\n\t\t<div class=\"em-item-actions input\">\r\n\t\t\t<a class=\"em-item-read-more button\" href=\"https:\/\/www.holzblaeser.com\/berlin\/veranstaltungen\/klarinetten-mundstueck-workshop\/\">Weitere Informationen<\/a>\r\n\t\t\t\r\n\t\t<\/div>\r\n\t<\/div>\r\n<\/div><div class=\"em-event em-item \" style=\"--default-border:#80b538;\">\r\n\t<div class=\"em-item-image \">\r\n\t\t\r\n\t\t<img src='https:\/\/www.holzblaeser.com\/berlin\/wp-content\/uploads\/2026\/04\/ms-workshop.png' alt='Saxophon-Mundst\u00fcck-Workshop'\/>\r\n\t\t\r\n\t\t\r\n\t<\/div>\r\n\t<div class=\"em-item-info\">\r\n\t\t<h3 class=\"em-item-title\"><a href=\"https:\/\/www.holzblaeser.com\/berlin\/veranstaltungen\/saxophon-mundstueck-workshop\/\">Saxophon-Mundst\u00fcck-Workshop<\/a><\/h3>\r\n\t\t\r\n\t\t<div class=\"em-event-meta em-item-meta\">\r\n\t\t\t<div class=\"em-item-meta-line em-event-date em-event-meta-datetime\">\r\n\t\t\t\t<span class=\"em-icon-calendar em-icon\"><\/span>\r\n\t\t\t\t13 Mai, 2026\u00a0\u00a0\u00a0\u00a0\r\n\t\t\t<\/div>\r\n\t\t\t<div class=\"em-item-meta-line em-event-time em-event-meta-datetime\">\r\n\t\t\t\t<span class=\"em-icon-clock em-icon\"><\/span>\r\n\t\t\t\t16:30 - 18:00\r\n\t\t\t<\/div>\r\n\t\t\t\r\n\t\t\t\r\n\t\t\t\r\n\t\t\t\r\n\t\t\t\r\n\t\t<\/div>\r\n\t\t<div class=\"em-item-desc\">\r\n\t\t\tUnser Gesch\u00e4ftsf\u00fchrer gibt euch einen \u00dcberblick und beantwortet alle wichtigen Fragen zu Saxophon-Bl\u00e4ttern.\r\n\t\t<\/div>\r\n\t\t<div class=\"em-item-actions input\">\r\n\t\t\t<a class=\"em-item-read-more button\" href=\"https:\/\/www.holzblaeser.com\/berlin\/veranstaltungen\/saxophon-mundstueck-workshop\/\">Weitere Informationen<\/a>\r\n\t\t\t\r\n\t\t<\/div>\r\n\t<\/div>\r\n<\/div><div class=\"em-event em-item \" style=\"--default-border:#80b538;\">\r\n\t<div class=\"em-item-image \">\r\n\t\t\r\n\t\t<img src='https:\/\/www.holzblaeser.com\/berlin\/wp-content\/uploads\/2026\/04\/clari-illy.png' alt='Klarinetten-Bl\u00e4tter-Workshop'\/>\r\n\t\t\r\n\t\t\r\n\t<\/div>\r\n\t<div class=\"em-item-info\">\r\n\t\t<h3 class=\"em-item-title\"><a href=\"https:\/\/www.holzblaeser.com\/berlin\/veranstaltungen\/klarinetten-blaetter-workshop\/\">Klarinetten-Bl\u00e4tter-Workshop<\/a><\/h3>\r\n\t\t\r\n\t\t<div class=\"em-event-meta em-item-meta\">\r\n\t\t\t<div class=\"em-item-meta-line em-event-date em-event-meta-datetime\">\r\n\t\t\t\t<span class=\"em-icon-calendar em-icon\"><\/span>\r\n\t\t\t\t20 Mai, 2026\u00a0\u00a0\u00a0\u00a0\r\n\t\t\t<\/div>\r\n\t\t\t<div class=\"em-item-meta-line em-event-time em-event-meta-datetime\">\r\n\t\t\t\t<span class=\"em-icon-clock em-icon\"><\/span>\r\n\t\t\t\t11:00 - 12:30\r\n\t\t\t<\/div>\r\n\t\t\t\r\n\t\t\t\r\n\t\t\t\r\n\t\t\t\r\n\t\t\t\r\n\t\t<\/div>\r\n\t\t<div class=\"em-item-desc\">\r\n\t\t\tUnsere fachkundigen Mitarbeiter geben euch einen \u00dcberblick und beantworten alle wichtigen Fragen zu Klarinetten-Bl\u00e4ttern.\r\n\t\t<\/div>\r\n\t\t<div class=\"em-item-actions input\">\r\n\t\t\t<a class=\"em-item-read-more button\" href=\"https:\/\/www.holzblaeser.com\/berlin\/veranstaltungen\/klarinetten-blaetter-workshop\/\">Weitere Informationen<\/a>\r\n\t\t\t\r\n\t\t<\/div>\r\n\t<\/div>\r\n<\/div><div class=\"em-event em-item \" style=\"--default-border:#80b538;\">\r\n\t<div class=\"em-item-image \">\r\n\t\t\r\n\t\t<img src='https:\/\/www.holzblaeser.com\/berlin\/wp-content\/uploads\/2026\/04\/sax-mundstuecke.png' alt='Saxophon-Bl\u00e4tter-Workshop'\/>\r\n\t\t\r\n\t\t\r\n\t<\/div>\r\n\t<div class=\"em-item-info\">\r\n\t\t<h3 class=\"em-item-title\"><a href=\"https:\/\/www.holzblaeser.com\/berlin\/veranstaltungen\/saxophon-blaetter-workshop\/\">Saxophon-Bl\u00e4tter-Workshop<\/a><\/h3>\r\n\t\t\r\n\t\t<div class=\"em-event-meta em-item-meta\">\r\n\t\t\t<div class=\"em-item-meta-line em-event-date em-event-meta-datetime\">\r\n\t\t\t\t<span class=\"em-icon-calendar em-icon\"><\/span>\r\n\t\t\t\t20 Mai, 2026\u00a0\u00a0\u00a0\u00a0\r\n\t\t\t<\/div>\r\n\t\t\t<div class=\"em-item-meta-line em-event-time em-event-meta-datetime\">\r\n\t\t\t\t<span class=\"em-icon-clock em-icon\"><\/span>\r\n\t\t\t\t16:30 - 18:00\r\n\t\t\t<\/div>\r\n\t\t\t\r\n\t\t\t\r\n\t\t\t\r\n\t\t\t\r\n\t\t\t\r\n\t\t<\/div>\r\n\t\t<div class=\"em-item-desc\">\r\n\t\t\tUnser Gesch\u00e4ftsf\u00fchrer gibt euch einen \u00dcberblick und beantwortet alle wichtigen Fragen zu Saxophon-Bl\u00e4ttern.\r\n\t\t<\/div>\r\n\t\t<div class=\"em-item-actions input\">\r\n\t\t\t<a class=\"em-item-read-more button\" href=\"https:\/\/www.holzblaeser.com\/berlin\/veranstaltungen\/saxophon-blaetter-workshop\/\">Weitere Informationen<\/a>\r\n\t\t\t\r\n\t\t<\/div>\r\n\t<\/div>\r\n<\/div><div class=\"em-event em-item \" style=\"--default-border:#80b538;\">\r\n\t<div class=\"em-item-image \">\r\n\t\t\r\n\t\t<img src='https:\/\/www.holzblaeser.com\/berlin\/wp-content\/uploads\/2026\/04\/klari-durchsicht.png' alt='Durchsicht-Days'\/>\r\n\t\t\r\n\t\t\r\n\t<\/div>\r\n\t<div class=\"em-item-info\">\r\n\t\t<h3 class=\"em-item-title\"><a href=\"https:\/\/www.holzblaeser.com\/berlin\/veranstaltungen\/durchsicht-days\/\">Durchsicht-Days<\/a><\/h3>\r\n\t\t\r\n\t\t<div class=\"em-event-meta em-item-meta\">\r\n\t\t\t<div class=\"em-item-meta-line em-event-date em-event-meta-datetime\">\r\n\t\t\t\t<span class=\"em-icon-calendar em-icon\"><\/span>\r\n\t\t\t\t27 Mai, 2026\u00a0\u00a0\u00a0\u00a0\r\n\t\t\t<\/div>\r\n\t\t\t<div class=\"em-item-meta-line em-event-time em-event-meta-datetime\">\r\n\t\t\t\t<span class=\"em-icon-clock em-icon\"><\/span>\r\n\t\t\t\t10:00 - 18:00\r\n\t\t\t<\/div>\r\n\t\t\t\r\n\t\t\t\r\n\t\t\t\r\n\t\t\t\r\n\t\t\t\r\n\t\t<\/div>\r\n\t\t<div class=\"em-item-desc\">\r\n\t\t\tIn 15 Minuten erhaltet ihr eine kostenlose Durchsicht und dabei Tipps zur Pflege und kleine Reparatur-Kniffe.\u00a0\r\n\t\t<\/div>\r\n\t\t<div class=\"em-item-actions input\">\r\n\t\t\t<a class=\"em-item-read-more button\" href=\"https:\/\/www.holzblaeser.com\/berlin\/veranstaltungen\/durchsicht-days\/\">Weitere Informationen<\/a>\r\n\t\t\t\r\n\t\t<\/div>\r\n\t<\/div>\r\n<\/div>\t<\/div>\r\n<\/div>\r\n<p>CONTENTS<\/p>","protected":false},"excerpt":{"rendered":"<p>Hier findest du alle Infos zu unseren Mai-Aktionen\u00a0 Der Mai wird etwas ganz Besonderes: Wir feiern unsere Freude an der Musik mit vielen Aktionen f\u00fcr euch. Freut euch auf kostenlose&hellip;<\/p>\n","protected":false},"author":1,"featured_media":717,"parent":0,"menu_order":8,"comment_status":"closed","ping_status":"closed","template":"","meta":{"footnotes":""},"class_list":["post-700","page","type-page","status-publish","has-post-thumbnail","hentry"],"yoast_head":"<!-- This site is optimized with the Yoast SEO plugin v27.5 - https:\/\/yoast.com\/product\/yoast-seo-wordpress\/ -->\n<title>MAI-AKTIONEN - Die Holzbl\u00e4ser in Berlin<\/title>\n<meta name=\"robots\" content=\"index, follow, max-snippet:-1, max-image-preview:large, max-video-preview:-1\" \/>\n<link rel=\"canonical\" href=\"https:\/\/www.holzblaeser.com\/berlin\/veranstaltungen\/\" \/>\n<meta property=\"og:locale\" content=\"de_DE\" \/>\n<meta property=\"og:type\" content=\"article\" \/>\n<meta property=\"og:title\" content=\"MAI-AKTIONEN - Die Holzbl\u00e4ser in Berlin\" \/>\n<meta property=\"og:description\" content=\"Hier findest du alle Infos zu unseren Mai-Aktionen\u00a0 Der Mai wird etwas ganz Besonderes: Wir feiern unsere Freude an der Musik mit vielen Aktionen f\u00fcr euch. Freut euch auf kostenlose&hellip;\" \/>\n<meta property=\"og:url\" content=\"https:\/\/www.holzblaeser.com\/berlin\/veranstaltungen\/\" \/>\n<meta property=\"og:site_name\" content=\"Die Holzbl\u00e4ser in Berlin\" \/>\n<meta property=\"article:publisher\" content=\"https:\/\/www.facebook.com\/p\/Die-Holzblser-Berlin-100057653342052\/\" \/>\n<meta property=\"article:modified_time\" content=\"2026-04-28T09:09:32+00:00\" \/>\n<meta property=\"og:image\" content=\"https:\/\/www.holzblaeser.com\/berlin\/wp-content\/uploads\/2024\/01\/veranstaltungen-holzblaeser-Berlin.jpg\" \/>\n\t<meta property=\"og:image:width\" content=\"1920\" \/>\n\t<meta property=\"og:image:height\" content=\"482\" \/>\n\t<meta property=\"og:image:type\" content=\"image\/jpeg\" \/>\n<meta name=\"twitter:card\" content=\"summary_large_image\" \/>\n<meta name=\"twitter:label1\" content=\"Gesch\u00e4tzte Lesezeit\" \/>\n\t<meta name=\"twitter:data1\" content=\"1\u00a0Minute\" \/>\n<script type=\"application\/ld+json\" class=\"yoast-schema-graph\">{\"@context\":\"https:\\\/\\\/schema.org\",\"@graph\":[{\"@type\":\"WebPage\",\"@id\":\"https:\\\/\\\/www.holzblaeser.com\\\/berlin\\\/veranstaltungen\\\/\",\"url\":\"https:\\\/\\\/www.holzblaeser.com\\\/berlin\\\/veranstaltungen\\\/\",\"name\":\"MAI-AKTIONEN - Die Holzbl\u00e4ser in Berlin\",\"isPartOf\":{\"@id\":\"https:\\\/\\\/www.holzblaeser.com\\\/berlin\\\/#website\"},\"primaryImageOfPage\":{\"@id\":\"https:\\\/\\\/www.holzblaeser.com\\\/berlin\\\/veranstaltungen\\\/#primaryimage\"},\"image\":{\"@id\":\"https:\\\/\\\/www.holzblaeser.com\\\/berlin\\\/veranstaltungen\\\/#primaryimage\"},\"thumbnailUrl\":\"https:\\\/\\\/www.holzblaeser.com\\\/berlin\\\/wp-content\\\/uploads\\\/2024\\\/01\\\/veranstaltungen-holzblaeser-Berlin.jpg\",\"datePublished\":\"2024-08-15T10:07:01+00:00\",\"dateModified\":\"2026-04-28T09:09:32+00:00\",\"breadcrumb\":{\"@id\":\"https:\\\/\\\/www.holzblaeser.com\\\/berlin\\\/veranstaltungen\\\/#breadcrumb\"},\"inLanguage\":\"de\",\"potentialAction\":[{\"@type\":\"ReadAction\",\"target\":[\"https:\\\/\\\/www.holzblaeser.com\\\/berlin\\\/veranstaltungen\\\/\"]}]},{\"@type\":\"ImageObject\",\"inLanguage\":\"de\",\"@id\":\"https:\\\/\\\/www.holzblaeser.com\\\/berlin\\\/veranstaltungen\\\/#primaryimage\",\"url\":\"https:\\\/\\\/www.holzblaeser.com\\\/berlin\\\/wp-content\\\/uploads\\\/2024\\\/01\\\/veranstaltungen-holzblaeser-Berlin.jpg\",\"contentUrl\":\"https:\\\/\\\/www.holzblaeser.com\\\/berlin\\\/wp-content\\\/uploads\\\/2024\\\/01\\\/veranstaltungen-holzblaeser-Berlin.jpg\",\"width\":1920,\"height\":482,\"caption\":\"veranstaltungen holzblaeser Berlin\"},{\"@type\":\"BreadcrumbList\",\"@id\":\"https:\\\/\\\/www.holzblaeser.com\\\/berlin\\\/veranstaltungen\\\/#breadcrumb\",\"itemListElement\":[{\"@type\":\"ListItem\",\"position\":1,\"name\":\"Startseite\",\"item\":\"https:\\\/\\\/www.holzblaeser.com\\\/berlin\\\/\"},{\"@type\":\"ListItem\",\"position\":2,\"name\":\"MAI-AKTIONEN\"}]},{\"@type\":\"WebSite\",\"@id\":\"https:\\\/\\\/www.holzblaeser.com\\\/berlin\\\/#website\",\"url\":\"https:\\\/\\\/www.holzblaeser.com\\\/berlin\\\/\",\"name\":\"Die Holzbl\u00e4ser in Berlin\",\"description\":\"Am Prager Platz\",\"publisher\":{\"@id\":\"https:\\\/\\\/www.holzblaeser.com\\\/berlin\\\/#organization\"},\"potentialAction\":[{\"@type\":\"SearchAction\",\"target\":{\"@type\":\"EntryPoint\",\"urlTemplate\":\"https:\\\/\\\/www.holzblaeser.com\\\/berlin\\\/?s={search_term_string}\"},\"query-input\":{\"@type\":\"PropertyValueSpecification\",\"valueRequired\":true,\"valueName\":\"search_term_string\"}}],\"inLanguage\":\"de\"},{\"@type\":\"Organization\",\"@id\":\"https:\\\/\\\/www.holzblaeser.com\\\/berlin\\\/#organization\",\"name\":\"Die Holzbl\u00e4ser in Berlin\",\"url\":\"https:\\\/\\\/www.holzblaeser.com\\\/berlin\\\/\",\"logo\":{\"@type\":\"ImageObject\",\"inLanguage\":\"de\",\"@id\":\"https:\\\/\\\/www.holzblaeser.com\\\/berlin\\\/#\\\/schema\\\/logo\\\/image\\\/\",\"url\":\"https:\\\/\\\/www.holzblaeser.com\\\/berlin\\\/wp-content\\\/uploads\\\/2024\\\/12\\\/favicon-1.png\",\"contentUrl\":\"https:\\\/\\\/www.holzblaeser.com\\\/berlin\\\/wp-content\\\/uploads\\\/2024\\\/12\\\/favicon-1.png\",\"width\":190,\"height\":191,\"caption\":\"Die Holzbl\u00e4ser in Berlin\"},\"image\":{\"@id\":\"https:\\\/\\\/www.holzblaeser.com\\\/berlin\\\/#\\\/schema\\\/logo\\\/image\\\/\"},\"sameAs\":[\"https:\\\/\\\/www.facebook.com\\\/p\\\/Die-Holzblser-Berlin-100057653342052\\\/\",\"https:\\\/\\\/www.instagram.com\\\/die_holzblaeser\\\/\"]}]}<\/script>\n<!-- \/ Yoast SEO plugin. -->","yoast_head_json":{"title":"MAI-AKTIONEN - Die Holzbl\u00e4ser in Berlin","robots":{"index":"index","follow":"follow","max-snippet":"max-snippet:-1","max-image-preview":"max-image-preview:large","max-video-preview":"max-video-preview:-1"},"canonical":"https:\/\/www.holzblaeser.com\/berlin\/veranstaltungen\/","og_locale":"de_DE","og_type":"article","og_title":"MAI-AKTIONEN - Die Holzbl\u00e4ser in Berlin","og_description":"Hier findest du alle Infos zu unseren Mai-Aktionen\u00a0 Der Mai wird etwas ganz Besonderes: Wir feiern unsere Freude an der Musik mit vielen Aktionen f\u00fcr euch. Freut euch auf kostenlose&hellip;","og_url":"https:\/\/www.holzblaeser.com\/berlin\/veranstaltungen\/","og_site_name":"Die Holzbl\u00e4ser in Berlin","article_publisher":"https:\/\/www.facebook.com\/p\/Die-Holzblser-Berlin-100057653342052\/","article_modified_time":"2026-04-28T09:09:32+00:00","og_image":[{"width":1920,"height":482,"url":"https:\/\/www.holzblaeser.com\/berlin\/wp-content\/uploads\/2024\/01\/veranstaltungen-holzblaeser-Berlin.jpg","type":"image\/jpeg"}],"twitter_card":"summary_large_image","twitter_misc":{"Gesch\u00e4tzte Lesezeit":"1\u00a0Minute"},"schema":{"@context":"https:\/\/schema.org","@graph":[{"@type":"WebPage","@id":"https:\/\/www.holzblaeser.com\/berlin\/veranstaltungen\/","url":"https:\/\/www.holzblaeser.com\/berlin\/veranstaltungen\/","name":"MAI-AKTIONEN - Die Holzbl\u00e4ser in Berlin","isPartOf":{"@id":"https:\/\/www.holzblaeser.com\/berlin\/#website"},"primaryImageOfPage":{"@id":"https:\/\/www.holzblaeser.com\/berlin\/veranstaltungen\/#primaryimage"},"image":{"@id":"https:\/\/www.holzblaeser.com\/berlin\/veranstaltungen\/#primaryimage"},"thumbnailUrl":"https:\/\/www.holzblaeser.com\/berlin\/wp-content\/uploads\/2024\/01\/veranstaltungen-holzblaeser-Berlin.jpg","datePublished":"2024-08-15T10:07:01+00:00","dateModified":"2026-04-28T09:09:32+00:00","breadcrumb":{"@id":"https:\/\/www.holzblaeser.com\/berlin\/veranstaltungen\/#breadcrumb"},"inLanguage":"de","potentialAction":[{"@type":"ReadAction","target":["https:\/\/www.holzblaeser.com\/berlin\/veranstaltungen\/"]}]},{"@type":"ImageObject","inLanguage":"de","@id":"https:\/\/www.holzblaeser.com\/berlin\/veranstaltungen\/#primaryimage","url":"https:\/\/www.holzblaeser.com\/berlin\/wp-content\/uploads\/2024\/01\/veranstaltungen-holzblaeser-Berlin.jpg","contentUrl":"https:\/\/www.holzblaeser.com\/berlin\/wp-content\/uploads\/2024\/01\/veranstaltungen-holzblaeser-Berlin.jpg","width":1920,"height":482,"caption":"veranstaltungen holzblaeser Berlin"},{"@type":"BreadcrumbList","@id":"https:\/\/www.holzblaeser.com\/berlin\/veranstaltungen\/#breadcrumb","itemListElement":[{"@type":"ListItem","position":1,"name":"Startseite","item":"https:\/\/www.holzblaeser.com\/berlin\/"},{"@type":"ListItem","position":2,"name":"MAI-AKTIONEN"}]},{"@type":"WebSite","@id":"https:\/\/www.holzblaeser.com\/berlin\/#website","url":"https:\/\/www.holzblaeser.com\/berlin\/","name":"Die Holzbl\u00e4ser in Berlin","description":"Am Prager Platz","publisher":{"@id":"https:\/\/www.holzblaeser.com\/berlin\/#organization"},"potentialAction":[{"@type":"SearchAction","target":{"@type":"EntryPoint","urlTemplate":"https:\/\/www.holzblaeser.com\/berlin\/?s={search_term_string}"},"query-input":{"@type":"PropertyValueSpecification","valueRequired":true,"valueName":"search_term_string"}}],"inLanguage":"de"},{"@type":"Organization","@id":"https:\/\/www.holzblaeser.com\/berlin\/#organization","name":"Die Holzbl\u00e4ser in Berlin","url":"https:\/\/www.holzblaeser.com\/berlin\/","logo":{"@type":"ImageObject","inLanguage":"de","@id":"https:\/\/www.holzblaeser.com\/berlin\/#\/schema\/logo\/image\/","url":"https:\/\/www.holzblaeser.com\/berlin\/wp-content\/uploads\/2024\/12\/favicon-1.png","contentUrl":"https:\/\/www.holzblaeser.com\/berlin\/wp-content\/uploads\/2024\/12\/favicon-1.png","width":190,"height":191,"caption":"Die Holzbl\u00e4ser in Berlin"},"image":{"@id":"https:\/\/www.holzblaeser.com\/berlin\/#\/schema\/logo\/image\/"},"sameAs":["https:\/\/www.facebook.com\/p\/Die-Holzblser-Berlin-100057653342052\/","https:\/\/www.instagram.com\/die_holzblaeser\/"]}]}},"_links":{"self":[{"href":"https:\/\/www.holzblaeser.com\/berlin\/wp-json\/wp\/v2\/pages\/700","targetHints":{"allow":["GET"]}}],"collection":[{"href":"https:\/\/www.holzblaeser.com\/berlin\/wp-json\/wp\/v2\/pages"}],"about":[{"href":"https:\/\/www.holzblaeser.com\/berlin\/wp-json\/wp\/v2\/types\/page"}],"author":[{"embeddable":true,"href":"https:\/\/www.holzblaeser.com\/berlin\/wp-json\/wp\/v2\/users\/1"}],"replies":[{"embeddable":true,"href":"https:\/\/www.holzblaeser.com\/berlin\/wp-json\/wp\/v2\/comments?post=700"}],"version-history":[{"count":15,"href":"https:\/\/www.holzblaeser.com\/berlin\/wp-json\/wp\/v2\/pages\/700\/revisions"}],"predecessor-version":[{"id":5998,"href":"https:\/\/www.holzblaeser.com\/berlin\/wp-json\/wp\/v2\/pages\/700\/revisions\/5998"}],"wp:featuredmedia":[{"embeddable":true,"href":"https:\/\/www.holzblaeser.com\/berlin\/wp-json\/wp\/v2\/media\/717"}],"wp:attachment":[{"href":"https:\/\/www.holzblaeser.com\/berlin\/wp-json\/wp\/v2\/media?parent=700"}],"curies":[{"name":"wp","href":"https:\/\/api.w.org\/{rel}","templated":true}]}}